{"id":601,"date":"2022-09-27T12:20:49","date_gmt":"2022-09-27T12:20:49","guid":{"rendered":"https:\/\/neuroscienceandart.de\/?page_id=601"},"modified":"2022-10-04T08:48:14","modified_gmt":"2022-10-04T08:48:14","slug":"ablauf","status":"publish","type":"page","link":"https:\/\/neuroscienceandart.de\/index.php\/ablauf\/","title":{"rendered":"Ablauf"},"content":{"rendered":"<h3>Der Messtermin<\/h3>\n<p>Die EEG-spectralanalytische Messung wird von unseren geschulten Mitarbeitern durchgef\u00fchrt. Die Messung erfolgt jeweils allein mit dem betreffenden Klienten, abgesehen von F\u00e4llen, bei denen die Anwesenheit eines Angeh\u00f6rigen oder des Therapeuten von uns als sinnvoll erachtet wird.<\/p>\n<p>Im Anschlu\u00df findet eine Besprechung mit einer Mitarbeiterin statt &#8211; bei Kindern unter 18 Jahren mit den Eltern oder einer Begleitperson &#8211; bei der Sie \u00fcber die Ergebnisse der Messung und \u00fcber m\u00f6gliche weitere Vorgehensweisen informiert werden. Ein schriftlicher Bericht wird nicht erstellt.<\/p>\n<p>Insgesamt k\u00f6nnen Sie f\u00fcr eine Messung und Besprechung einen Zeitraum von ca 1 \u00bd bis 2 Stunden einplanen. Bitte etwas Wartezeit ber\u00fccksichtigen.<\/p>\n<h3>Nach der Messung<\/h3>\n<p>Die neuroaktive CD, die individuell erstellt wird, wird Ihnen nach 2 &#8211; 3 Wochen per Post zugestellt.<\/p>\n<p>Ausf\u00fchrliche Hinweise zur Anwendung der CD erhalten Sie am Messtermin. Sollten dennoch Fragen auftauchen, k\u00f6nnen Sie selbstverst\u00e4ndlich bei uns anrufen (+49 172 6409330).<\/p>\n<p>\u00dcber R\u00fcckmeldungen der Arbeit mit der neuroaktiven CD freuen wir uns.<\/p>\n","protected":false},"excerpt":{"rendered":"<p>Der Messtermin Die EEG-spectralanalytische Messung wird von unseren geschulten Mitarbeitern durchgef\u00fchrt. Die Messung erfolgt jeweils allein mit dem betreffenden Klienten, abgesehen von F\u00e4llen, bei denen die Anwesenheit eines Angeh\u00f6rigen oder des Therapeuten von uns als sinnvoll erachtet wird. Im Anschlu\u00df findet eine Besprechung mit einer Mitarbeiterin statt &#8211; bei Kindern unter 18 Jahren mit den &#8230; <a title=\"Ablauf\" class=\"read-more\" href=\"https:\/\/neuroscienceandart.de\/index.php\/ablauf\/\" aria-label=\"Mehr Informationen \u00fcber Ablauf\">Weiterlesen<\/a><\/p>\n","protected":false},"author":1,"featured_media":0,"parent":0,"menu_order":0,"comment_status":"closed","ping_status":"closed","template":"","meta":{"footnotes":""},"class_list":["post-601","page","type-page","status-publish"],"aioseo_notices":[],"_links":{"self":[{"href":"https:\/\/neuroscienceandart.de\/index.php\/wp-json\/wp\/v2\/pages\/601","targetHints":{"allow":["GET"]}}],"collection":[{"href":"https:\/\/neuroscienceandart.de\/index.php\/wp-json\/wp\/v2\/pages"}],"about":[{"href":"https:\/\/neuroscienceandart.de\/index.php\/wp-json\/wp\/v2\/types\/page"}],"author":[{"embeddable":true,"href":"https:\/\/neuroscienceandart.de\/index.php\/wp-json\/wp\/v2\/users\/1"}],"replies":[{"embeddable":true,"href":"https:\/\/neuroscienceandart.de\/index.php\/wp-json\/wp\/v2\/comments?post=601"}],"version-history":[{"count":13,"href":"https:\/\/neuroscienceandart.de\/index.php\/wp-json\/wp\/v2\/pages\/601\/revisions"}],"predecessor-version":[{"id":666,"href":"https:\/\/neuroscienceandart.de\/index.php\/wp-json\/wp\/v2\/pages\/601\/revisions\/666"}],"wp:attachment":[{"href":"https:\/\/neuroscienceandart.de\/index.php\/wp-json\/wp\/v2\/media?parent=601"}],"curies":[{"name":"wp","href":"https:\/\/api.w.org\/{rel}","templated":true}]}}